{"id":349,"date":"2017-11-21T21:37:06","date_gmt":"2017-11-21T21:37:06","guid":{"rendered":"http:\/\/www.oetternbach.de\/?page_id=349"},"modified":"2024-04-24T14:37:33","modified_gmt":"2024-04-24T14:37:33","slug":"pressemeldungen","status":"publish","type":"page","link":"http:\/\/www.oetternbach.de\/?page_id=349","title":{"rendered":"Pressemeldungen"},"content":{"rendered":"<p>2024<\/p>\n<p><strong>25.03.2024<\/strong> <a href=\"http:\/\/www.oetternbach.de\/wp-content\/uploads\/2024\/04\/PM_Urteil-BUND-21.03.2024_Landesentwicklungsplan-NRW.pdf\">PM Urteil BUND 21.03.2024 Landesentwicklungsplan NRW<\/a><\/p>\n<p><strong>26.01.2024<\/strong>\u00a0<a href=\"http:\/\/www.oetternbach.de\/wp-content\/uploads\/2024\/02\/PM-Regionalplan-Beschluss-am-31.01.2024.pdf\">PM Regionalplan Beschluss am 31.01.2024<\/a><\/p>\n<p><strong>11.01.2024<\/strong> PM <a href=\"http:\/\/www.oetternbach.de\/wp-content\/uploads\/2024\/02\/Aktionsbuendnis-an-Seite-der-Landwirte.pdf\">Aktionsb\u00fcndnis an Seite der Landwirte<\/a><\/p>\n<hr \/>\n<p>2023<\/p>\n<p><strong>10.09.2023<\/strong> <a href=\"http:\/\/www.oetternbach.de\/wp-content\/uploads\/2024\/02\/PM_Kiebitz-Vogel-des-Jahres-2024.pdf\">PM_Kiebitz Vogel des Jahres 2024<\/a><\/p>\n<p><strong>17.06.2023<\/strong> Ursachensuche nach \u00dcberschwemmung in Detmold <a href=\"http:\/\/www.oetternbach.de\/wp-content\/uploads\/2024\/02\/PM-Ueberschwemmung.pdf\">PM \u00dcberschwemmung<\/a><\/p>\n<p><strong>4.05.2023<\/strong> Wei\u00dfst\u00f6rche in den Oetternbachauen <a href=\"http:\/\/www.oetternbach.de\/wp-content\/uploads\/2024\/02\/Presseinformation_Stoerche.pdf\">Presseinformation_St\u00f6rche<\/a><\/p>\n<p><strong>17.02.2023<\/strong> Hans-Dieter Wiesemann (NABU-Experte) wird 80 <a href=\"http:\/\/www.oetternbach.de\/wp-content\/uploads\/2023\/02\/PM-Hans-Dieter-Wiesemann-80.pdf\">PM Hans-Dieter Wiesemann 80<\/a><\/p>\n<p><strong>5.02.2023<\/strong> Fr\u00fcchte der Oetternbachkiste geteilt.\u00a0<a href=\"http:\/\/www.oetternbach.de\/wp-content\/uploads\/2023\/02\/PM-Oetternbachkiste-Erloes-geteilt.pdf\">PM Oetternbachkiste &#8211; Erl\u00f6s geteilt<\/a><\/p>\n<hr \/>\n<p>2022<\/p>\n<p>UN-Dekade Wettbewerb<\/p>\n<p><a href=\"http:\/\/www.oetternbach.de\/wp-content\/uploads\/2022\/06\/PM-UN-Dekade-Projektwettbewerb.pdf\">PM UN-Dekade-Projektwettbewerb<\/a>\u00a0Wir sind ganz mutig und bewerben uns bei dem UN-Dekade-Wettbewerb. Seit 2014 setzen wir uns f\u00fcr den Erhalt des Oetternbachs und damit f\u00fcr das Hardisser Moor als FFH-Gebiet ein. Wir wollen das dieser Einsatz nachhaltig Fr\u00fcchte tr\u00e4gt.<\/p>\n<hr \/>\n<p>2021<\/p>\n<p><a href=\"http:\/\/www.oetternbach.de\/wp-content\/uploads\/2021\/05\/PM-Baum\u00fcll_Aktion-Stadt-Detmold_6.05.2021.pdf\">PM Baum\u00fcll &#8211; Aktion der Stadt Detmold_6.05.2021<\/a>\u00a0B\u00fcrgerengagement bringt die Stadt Detmold in Bewegung. Eine gro\u00dfes Schild am Jerxen Friedhof soll auf die M\u00fcllproblematik aufmerksam machen.<\/p>\n<p><a href=\"http:\/\/www.oetternbach.de\/wp-content\/uploads\/2017\/08\/Wie-sieht-es-denn-hier-aus_M\u00fcll_9.04.2021.pdf\">PM Wie sieht es denn hier aus_M\u00fcll_9.04.2021<\/a>\u00a0Haus- und Sperrm\u00fcll wird im wieder am Parkplatz des Jerxer Friedhofs und im NSG Oetternbach abgeladen. Das nun aber auch M\u00fcll von Baustellen, beauftrag durch die Stadt, den kreis oder Stra\u00dfen NRW?, einfach dort ungesichert liegen gelassen wird, das setzt dem ganzen die Krone auf.<\/p>\n<p><a href=\"http:\/\/www.oetternbach.de\/wp-content\/uploads\/2017\/08\/PM-Regionalplan-OWL-2020_24.03.2021.pdf\">PM Regionalplan OWL 2020_24.03.2021\u00a0<\/a>Stellung beziehen.\u00a0Am 18.03.2021 tagte der Stadtrat in Detmold. Auf der Tagesordnung stand der Regionalplan OWL\u00a02020. F\u00fcr 20 Jahre soll er gelten. Die Stadt Detmold will 134 Hektar Acker- und Naturfl\u00e4chen zu\u00a0Baugebieten machen, ungeachtet des Klimawandels und Artensterbens.<\/p>\n<p><a href=\"http:\/\/www.oetternbach.de\/wp-content\/uploads\/2017\/08\/PM-3.03.2021-Ausschussitzung-f\u00fcr-Stadtentwicklung.pdf\">PM 3.03.2021 Ausschusssitzung f\u00fcr Stadtentwicklung<\/a> Aufkl\u00e4rung tut not.\u00a0\u00dcber den Regionalplan informiert ist eigentlich niemand richtig, weder die politischen Gremien\u00a0(zeigte die Ausschusssitzung gestern) noch die B\u00fcrger. Das B\u00fcndnis 90\/Die Gr\u00fcnen forderte deshalb\u00a0bereits am 15.02.2021 im Regionalrat eine Verl\u00e4ngerung der Offenlegungsphase. Der Antrag wurde\u00a0abgelehnt. In der Lippischen Landes-Zeitung finden sich keine Details zum Regionalplan,\u00a0Informationsveranstaltungen von B\u00fcrgermeistern und Stadtverwaltungen f\u00fcr die B\u00fcrger sowie\u00a0Versammlungen d\u00fcrfen wg. Corona nicht oder nur eingeschr\u00e4nkt stattfinden. Die B\u00fcrger sind von\u00a0den Informationen quasi ausgeschlossen.<\/p>\n<p><a href=\"http:\/\/www.oetternbach.de\/wp-content\/uploads\/2017\/08\/PM-19.02.2021-Kiebitz-unter-den-ersten-Zehn.pdf\">PM 19.02.2021 Kiebitz unter den ersten Zehn<\/a><\/p>\n<hr \/>\n<p>2020<\/p>\n<p><a href=\"http:\/\/www.oetternbach.de\/wp-content\/uploads\/2017\/08\/PM_24.11.2020_Vogel-des-Jahres.pdf\">P<\/a><a style=\"font-size: 1rem;\" href=\"http:\/\/www.oetternbach.de\/wp-content\/uploads\/2017\/08\/PM_24.11.2020_Vogel-des-Jahres.pdf\">M_24.11.2020_Vogel des Jahres<\/a><\/p>\n<p><a href=\"http:\/\/www.oetternbach.de\/wp-content\/uploads\/2020\/08\/PM-Giegoldbesuch.pdf\">PM 14.08.2020 Sven Giegold besucht Detmold\/Jerxen-Orbke\u00a0<\/a>Sven Giegold, der Sprecher der deutschen Gr\u00fcnen Europaabgeordneten besucht u.a. die Balbrede. Er und Robin Wagener, Landratskandidat der Gr\u00fcnen im Kreis Lippe, suchen das Gespr\u00e4ch mit B\u00fcrgerinnen und B\u00fcrgern zu verschiedenen Themen, die derzeit in Lippe aktuell sind: B239 n, Amazon, Versieglung von Fl\u00e4chen f\u00fcr Parkpl\u00e4tze am Lemgoer Campus,\u00a0 Verkleinerung von Naturschutzgebieten f\u00fcr neue Industriegebiete und mehr.<\/p>\n<p><a href=\"http:\/\/www.oetternbach.de\/wp-content\/uploads\/2020\/06\/PM_15.06.2020_Fichtensterben-Brinkmesche.pdf\">PM_15.06.2020_Fichtensterben Brinkmesche\u00a0<\/a><span style=\"font-size: 1rem;\">Waldsterben ist nicht weit weg, es geschieht vor unserer Haust\u00fcr.<\/span><span style=\"font-size: 1rem;\">\u00a0<\/span><span style=\"font-size: 1rem;\">Auch die Brinkmesche am Nordring ist nicht verschon. Der Wald in unserer Region stirbt. Teutoburger Wald und auch die\u00a0 Brinkmesche sind betroffen. Entlang der Niewald Stra\u00dfe im NSG wurde schon kr\u00e4ftig abgeholzt.\u00a0<\/span><\/p>\n<div id=\"attachment_1631\" style=\"width: 635px\" class=\"wp-caption alignnone\"><a href=\"http:\/\/www.oetternbach.de\/wp-content\/uploads\/2017\/08\/DSC02515_Fichtensterben_II.jpg\"><img aria-describedby=\"caption-attachment-1631\" loading=\"lazy\" class=\"size-large wp-image-1631\" src=\"http:\/\/www.oetternbach.de\/wp-content\/uploads\/2017\/08\/DSC02515_Fichtensterben_II-1024x750.jpg\" alt=\"\" width=\"625\" height=\"458\" srcset=\"http:\/\/www.oetternbach.de\/wp-content\/uploads\/2017\/08\/DSC02515_Fichtensterben_II-1024x750.jpg 1024w, http:\/\/www.oetternbach.de\/wp-content\/uploads\/2017\/08\/DSC02515_Fichtensterben_II-300x220.jpg 300w, http:\/\/www.oetternbach.de\/wp-content\/uploads\/2017\/08\/DSC02515_Fichtensterben_II-768x563.jpg 768w, http:\/\/www.oetternbach.de\/wp-content\/uploads\/2017\/08\/DSC02515_Fichtensterben_II-624x457.jpg 624w\" sizes=\"(max-width: 625px) 100vw, 625px\" \/><\/a><p id=\"caption-attachment-1631\" class=\"wp-caption-text\">Fichtensterben in der Brinkmesche am Nordring, Juni 2020 &#8211; Foto: Helmut Kr\u00fcger<\/p><\/div>\n<p><a href=\"http:\/\/www.oetternbach.de\/wp-content\/uploads\/2020\/04\/PM-29.04.2020-Fl\u00e4chenverbrauch-Was-sagen-die-Parteien.pdf\">PM 29.04.2020 Fl\u00e4chenverbrauch &#8211; Was sagen die Parteien<\/a>\u00a0 Kurze Zusammenfassung der Gespr\u00e4che mit den Fraktionen. Aktionsb\u00fcndnis und LIPPE \u00f6koLOGISCH bezogen Stellung.<\/p>\n<p><a href=\"http:\/\/www.oetternbach.de\/wp-content\/uploads\/2020\/01\/PM-22.01.2020_Weggang-von-TAOASIS-aus-Detmold.pdf\">PM 22.01.2020_Weggang von TAOASIS aus Detmold<\/a> Die Artikel &#8222;Der Bedarf an Gewerbefl\u00e4chen bleibt hoch&#8220;, LZ 15.01.2020&#8243; und &#8222;Keine duften Fl\u00e4chen f\u00fcr Taoasis in Sicht&#8220;, LZ 27.11.2019 macht eine weitere Pressemitteilung zur Klarstellung notwendig. In den Artikeln werden <span style=\"background-color: #ffffff; color: #444444; display: inline; float: none; font-family: &amp;quot; open sans&amp;quot;,helvetica,arial,sans-serif; font-size: 14px; font-style: normal; font-variant: normal; font-weight: 400; letter-spacing: normal; line-height: 1.7142; orphans: 2; text-align: left; text-decoration: none; text-indent: 0px; text-transform: none; -webkit-text-stroke-width: 0px; white-space: normal; word-spacing: 0px;\">dem Aktionsb\u00fcndnis<\/span> direkt und indirekt\u00a0 Vorw\u00fcrfe im Zusammenhang mit dem Weggang von TAOASIS aus Detmold gemacht. Wir haben Axel Meyer, Gesch\u00e4ftsf\u00fchrer von TOASIS gefragt und erfahren warum das Unternehmen Detmold verl\u00e4sst. Das Aktionsb\u00fcndnis war daran in keiner Weise beteiligt. Die Anschuldigungen von Herrn B\u00fcrgermeister Heller sind falsch.<\/p>\n<hr \/>\n<p>2019<\/p>\n<p><a href=\"http:\/\/www.oetternbach.de\/wp-content\/uploads\/2019\/11\/Offener-Brief-27.11.2019.pdf\">Offener Brief 27.11.2019<\/a>\u00a0 Das Aktionsb\u00fcndnis widerspricht der Darstellung in dem LZ-Artikel &#8222;Keine duftenden Fl\u00e4chen f\u00fcr Taoasis in Sicht&#8220; und benennt die wahren Gr\u00fcnde f\u00fcr das Weggehen der Duftmanufaktur Taoasis aus Detmold.<\/p>\n<p><a href=\"http:\/\/oetternbach.de\/wp-content\/uploads\/2019\/06\/PM-03.06.2019-Bodenaktionswoche.pdf\">PM 03.06.2019 Bodenaktionswoche<\/a>\u00a0 <span style=\"color: #000000;\">2.06.2019 Die Bodenaktionswoche wird durch NRW-Umweltministerin Frau Ursula Heiner Esser er\u00f6ffnet. Rund 1.000 Besucher nutzten die vielf\u00e4ltigen Angebote.<\/span><\/p>\n<p><a href=\"http:\/\/oetternbach.de\/wp-content\/uploads\/2019\/06\/Bild-Bodenaktionswoche.pdf\">Bild Bodenaktionswoche<\/a>\u00a0 <span style=\"color: #000000;\">Eva Pier NUA (li.) Frau Ministerin Ursula Heiner Esser Umweltministerin von NRW (re.)<\/span><\/p>\n<p><a href=\"http:\/\/oetternbach.de\/wp-content\/uploads\/2019\/05\/PM-14.05.2019-Pettionsausschuss-NRW.docx\">PM 14.05.2019 Petitionsausschuss NRW \u00a0<\/a><span style=\"color: #000000;\">Das gemeinsame Gespr\u00e4ch vom &#8222;Aktionsb\u00fcndnis: Detmolder Westen&#8220; und dem B\u00fcndnis &#8222;Pro Mensch &amp; Natur&#8220; mit dem Petitionsausschuss des Landtages NRW stie\u00df auf offene Ohren und l\u00f6ste Kopfsch\u00fctten bei den Petitionsmitglieder aus.<\/span><\/p>\n<p><a href=\"http:\/\/oetternbach.de\/wp-content\/uploads\/2019\/05\/PM-25.04.2019-Neue-Kooperation-Neues-Logo.pdf\">PM 25.04.2019 Neue Kooperation, Neues Logo<\/a> <span style=\"color: #000000;\">Das Aktionsb\u00fcndnis kooperiert mit dem neuen B\u00fcndnis &#8222;Pro Mensch &amp; Natur: Kein Neubau der B239 in Lippe&#8220; und stellt sein neues Logo vor.<\/span><\/p>\n<p><a href=\"http:\/\/oetternbach.de\/wp-content\/uploads\/2019\/02\/PM-Wie-viele-Gewerbefl\u00e4chen-hat-Detmold-wirklich.pdf\">PM Wie viele Gewerbefl\u00e4chen hat Detmold wirklich<\/a> v<span style=\"color: #000000;\">om 11.02.2019. Die PM mit dem darauf resultierenden Artikel in der LZ vom 16.\/17.02.2029 &#8222;B\u00fcrger sind gegen Areale f\u00fcr Gewerbe&#8220; vergleichen ist lohnenswert. Alleine die ver\u00e4nderte \u00dcberschrift des LZ-Artikels l\u00e4sst aufhorchen.<\/span><\/p>\n<p><a href=\"http:\/\/oetternbach.de\/wp-content\/uploads\/2019\/02\/Presseinformation-zum-LZ-Artikel-vom-22.01.2019.pdf\">Presseinformation zum LZ-Artikel vom 22.01.2019<\/a>\u00a0 <span style=\"color: #000000;\">In der PM wird die Lippische Landes-Zeitung um das Ver\u00f6ffentlichen einer Korrektur gebeten, da viele B\u00fcrgerinnen und B\u00fcrger durch den Artikel verunsichert sind und glauben das Gewerbegebiet w\u00fcrde noch gr\u00f6\u00dfer werden (was nicht der Fall ist). Die LZ hat sich per mail gemeldet, die Situation aus ihrer Sicht erkl\u00e4rt und zugestanden, dass die Situation verwirrend ist. Eine Korrektur zur Kl\u00e4rung der Sachlage hat sie bislang nicht ver\u00f6ffentlicht (Stand 3.02.2019).<\/span><\/p>\n<hr \/>\n<p>2018<\/p>\n<p><a href=\"http:\/\/oetternbach.de\/wp-content\/uploads\/2018\/09\/24.09.2018_LIPPE-\u00f6koLOGISCH_Ank\u00fcndigung.pdf\">24.09.2018_LIPPE-\u00f6koLOGISCH_Ank\u00fcndigung\u00a0\u00a0<\/a><span style=\"color: #000000;\">Die PM wurde in keinem Medium der Tagespresse ver\u00f6ffentlicht, so dass die Veranstaltung nur mit Flyern und Mund zu Mund-Propaganda verbreitet wurde.<\/span><\/p>\n<p><a href=\"http:\/\/oetternbach.de\/wp-content\/uploads\/2018\/06\/16.06.2018-Aktionsb\u00fcndnis-wird-zum-gemeinn\u00fctzigen-Verein.pdf\">16.06.2018 Aktionsb\u00fcndnis wird zum gemeinn\u00fctzigen Verein<\/a><\/p>\n<p><a href=\"http:\/\/oetternbach.de\/wp-content\/uploads\/2018\/06\/PM-18.05.2018-Balbrede-Urteil-ist-rechtskr\u00e4ftig.pdf\">PM 18.05.2018 Balbrede-Urteil ist rechtskr\u00e4ftig<\/a><\/p>\n<p><a href=\"http:\/\/oetternbach.de\/wp-content\/uploads\/2018\/04\/PM-26.04.2018-Kiebitz.pdf\">PM 26.04.2018 Kiebitz\u00a0\u00a0\u00a0\u00a0\u00a0\u00a0<\/a><a href=\"http:\/\/oetternbach.de\/wp-content\/uploads\/2018\/04\/Foto-Kiebitz-26.04.2018.pdf\">Foto Kiebitz 26.04.2018<\/a><\/p>\n<p><a href=\"http:\/\/oetternbach.de\/wp-content\/uploads\/2018\/03\/PM-27.03.2018-Bebauungsplan-Balbrede-unwirksam.pdf\">PM 27.03.2018 Bebauungsplan Balbrede unwirksam<\/a><\/p>\n<p><a href=\"http:\/\/oetternbach.de\/wp-content\/uploads\/2018\/03\/PM-12.03.2018_Balbrede-Standort-\u00fcberdenken-.pdf\">PM 12.03.2018_Balbrede Standort \u00fcberdenken<\/a><\/p>\n<p><a href=\"http:\/\/oetternbach.de\/wp-content\/uploads\/2018\/01\/Pressemeldung_Einstweiliger-Anordnung-stattgegeben.pdf\">5.01.2018 Einstweiliger Anordnung stattgegeben<\/a><\/p>\n<hr \/>\n<p>2017<\/p>\n<p><a href=\"http:\/\/oetternbach.de\/wp-content\/uploads\/2017\/11\/15.09.2017-PM-Ank\u00fcndigung-Demo-auf-der-B239-.pdf\">15.09.2017 PM Ank\u00fcndigung Demo auf der B239<\/a><\/p>\n<p><a href=\"http:\/\/oetternbach.de\/wp-content\/uploads\/2017\/11\/27.06.2017-PM-B\u00fcrgermeister-Heller-in-der-Verantwortung.pdf\">27.06.2017 PM B\u00fcrgermeister Heller in der Verantwortung<\/a><\/p>\n<p><a href=\"http:\/\/oetternbach.de\/wp-content\/uploads\/2017\/11\/22.02.2017-PM-Kl\u00e4rungsbedarf-B\u00fcrgerpark-f\u00fcr-bestehende-Gewerbefl\u00e4chen.pdf\">22.02.2017 PM Kl\u00e4rungsbedarf B\u00fcrgerpark f\u00fcr bestehende Gewerbefl\u00e4chen<\/a><\/p>\n<hr \/>\n<p>2016<\/p>\n<p><a href=\"http:\/\/oetternbach.de\/wp-content\/uploads\/2017\/11\/2.12.2016-PM-Erdarbeiten-auf-Balbrede-verunseichern-B\u00fcrger-1.pdf\">2.12.2016 PM Erdarbeiten auf Balbrede verunsichern B\u00fcrger<\/a><\/p>\n<p><a href=\"http:\/\/oetternbach.de\/wp-content\/uploads\/2017\/11\/27.10.2016-PM-Ortstermin-mit-B\u00fcrgermeister-Rainer-Heller.pdf\">27.10.2016 PM Ortstermin mit B\u00fcrgermeister Rainer Heller<\/a><\/p>\n<p><a href=\"http:\/\/oetternbach.de\/wp-content\/uploads\/2017\/11\/24.10.2016-PM-\u00d6kologische-Katastrophe-in-Ostwestfalen-Lippe-geplant.pdf\">24.10.2016 PM \u00d6kologische Katastrophe in Ostwestfalen Lippe geplant<\/a><\/p>\n","protected":false},"excerpt":{"rendered":"<p>2024 25.03.2024 PM Urteil BUND 21.03.2024 Landesentwicklungsplan NRW 26.01.2024\u00a0PM Regionalplan Beschluss am 31.01.2024 11.01.2024 PM Aktionsb\u00fcndnis an Seite der Landwirte 2023 10.09.2023 PM_Kiebitz Vogel des Jahres 2024 17.06.2023 Ursachensuche nach \u00dcberschwemmung in Detmold PM \u00dcberschwemmung 4.05.2023 Wei\u00dfst\u00f6rche in den Oetternbachauen Presseinformation_St\u00f6rche 17.02.2023 Hans-Dieter Wiesemann (NABU-Experte) wird 80 PM Hans-Dieter Wiesemann 80 5.02.2023 Fr\u00fcchte der Oetternbachkiste [&hellip;]<\/p>\n","protected":false},"author":1,"featured_media":0,"parent":0,"menu_order":0,"comment_status":"closed","ping_status":"closed","template":"","meta":[],"_links":{"self":[{"href":"http:\/\/www.oetternbach.de\/index.php?rest_route=\/wp\/v2\/pages\/349"}],"collection":[{"href":"http:\/\/www.oetternbach.de\/index.php?rest_route=\/wp\/v2\/pages"}],"about":[{"href":"http:\/\/www.oetternbach.de\/index.php?rest_route=\/wp\/v2\/types\/page"}],"author":[{"embeddable":true,"href":"http:\/\/www.oetternbach.de\/index.php?rest_route=\/wp\/v2\/users\/1"}],"replies":[{"embeddable":true,"href":"http:\/\/www.oetternbach.de\/index.php?rest_route=%2Fwp%2Fv2%2Fcomments&post=349"}],"version-history":[{"count":66,"href":"http:\/\/www.oetternbach.de\/index.php?rest_route=\/wp\/v2\/pages\/349\/revisions"}],"predecessor-version":[{"id":2359,"href":"http:\/\/www.oetternbach.de\/index.php?rest_route=\/wp\/v2\/pages\/349\/revisions\/2359"}],"wp:attachment":[{"href":"http:\/\/www.oetternbach.de\/index.php?rest_route=%2Fwp%2Fv2%2Fmedia&parent=349"}],"curies":[{"name":"wp","href":"https:\/\/api.w.org\/{rel}","templated":true}]}}