{"id":471,"date":"2018-01-10T11:09:47","date_gmt":"2018-01-10T11:09:47","guid":{"rendered":"http:\/\/www.oetternbach.de\/?page_id=471"},"modified":"2024-12-17T10:45:28","modified_gmt":"2024-12-17T10:45:28","slug":"termine","status":"publish","type":"page","link":"http:\/\/www.oetternbach.de\/?page_id=471","title":{"rendered":"Termine"},"content":{"rendered":"<h1><span style=\"color: #999999;\">Was ist los bei uns, was ist los in Detmold und Umgebung<\/span><\/h1>\n<h1><span style=\"color: #339966;\"><strong>1. Jerxen-Orbker Weihnachtsmarkt<\/strong><\/span><\/h1>\n<p><a href=\"http:\/\/www.oetternbach.de\/wp-content\/uploads\/2024\/12\/Weihnachstmarkt-2024-Foto-scaled.jpg\"><img loading=\"lazy\" class=\"alignnone size-large wp-image-2380\" src=\"http:\/\/www.oetternbach.de\/wp-content\/uploads\/2024\/12\/Weihnachstmarkt-2024-Foto-1024x558.jpg\" alt=\"\" width=\"625\" height=\"341\" srcset=\"http:\/\/www.oetternbach.de\/wp-content\/uploads\/2024\/12\/Weihnachstmarkt-2024-Foto-1024x558.jpg 1024w, http:\/\/www.oetternbach.de\/wp-content\/uploads\/2024\/12\/Weihnachstmarkt-2024-Foto-300x163.jpg 300w, http:\/\/www.oetternbach.de\/wp-content\/uploads\/2024\/12\/Weihnachstmarkt-2024-Foto-768x418.jpg 768w, http:\/\/www.oetternbach.de\/wp-content\/uploads\/2024\/12\/Weihnachstmarkt-2024-Foto-1536x836.jpg 1536w, http:\/\/www.oetternbach.de\/wp-content\/uploads\/2024\/12\/Weihnachstmarkt-2024-Foto-2048x1115.jpg 2048w, http:\/\/www.oetternbach.de\/wp-content\/uploads\/2024\/12\/Weihnachstmarkt-2024-Foto-624x340.jpg 624w\" sizes=\"(max-width: 625px) 100vw, 625px\" \/><\/a><\/p>\n<p>Weihnachtsmarkt am <strong>20.\/21.12.2024<\/strong> an der Oetternbachschule (Lagesche Stra\u00dfe 191) mit Pickert, Bratwurst, Gl\u00fchwein und selbstgemachten Geschenken. Freitag den 20.12. ab 17:00 Uhr, Samstag ab 15:00 Uhr (Kaffeetrinken im Vereinshaus). Drau\u00dfen Marktst\u00e4nde in Holzh\u00fctten. <strong>Handzettel<\/strong> herunterladen: <a href=\"http:\/\/www.oetternbach.de\/wp-content\/uploads\/2024\/12\/Weihnachstmarkt-2024-A4-Version-X.pdf\">Weihnachstmarkt 2024 &#8211; A4 <\/a><\/p>\n<p><span style=\"color: #339966;\"><strong>8. Juni 2024 Tischlein deck Dich an der Oetternbachschule<\/strong><\/span><\/p>\n<p>Bei sch\u00f6nem Wetter waren ca. 100 Besucherinnen und Besucher um unbekannte K\u00f6stlichkeiten zu entdecken. Beste Stimmung, viele Gespr\u00e4che, unterhaltsame Stunden f\u00fcr jung und alt. Das wollen die Vereine wiederholen.<\/p>\n<p><img loading=\"lazy\" class=\"\" src=\"http:\/\/www.oetternbach.de\/wp-content\/uploads\/2017\/08\/1.-Sommerbrunch_Einladung-724x1024.jpg\" width=\"320\" height=\"452\" \/><\/p>\n<p><strong style=\"font-size: 1rem; color: #008000;\">2021<\/strong><\/p>\n<h3>Advent-F\u00e4ste abgesagt &#8211; St\u00fcckweise hilft<\/h3>\n<p>Das am 28.11.2021 terminierte Advent-Fest (lippisch Platt = F\u00e4ste) musste aufgrund der Corona-Lage abgesagt werden. Die daf\u00fcr angefertigten Waren wurden in dem St\u00fcckweise-Laden\u00a0<span style=\"color: #000000; font-size: 1rem;\">(DT, Bruchstra\u00dfe 29)<\/span><span style=\"font-size: 1rem;\">\u00a0gegen Spenden abgegeben. Der Inhaber, Dennis Hammer, unterst\u00fctzte die &#8222;Oetternbach-Kiste&#8220;. Herzlichen Dank!<\/span><\/p>\n<p><a href=\"http:\/\/www.oetternbach.de\/wp-content\/uploads\/2017\/08\/Dennis-Hammer-unterst\u00fctzt-Oetternbach-Kiste.jpg\"><img loading=\"lazy\" class=\" wp-image-2019\" src=\"http:\/\/www.oetternbach.de\/wp-content\/uploads\/2017\/08\/Dennis-Hammer-unterst\u00fctzt-Oetternbach-Kiste-1024x646.jpg\" alt=\"\" width=\"625\" height=\"394\" srcset=\"http:\/\/www.oetternbach.de\/wp-content\/uploads\/2017\/08\/Dennis-Hammer-unterst\u00fctzt-Oetternbach-Kiste-1024x646.jpg 1024w, http:\/\/www.oetternbach.de\/wp-content\/uploads\/2017\/08\/Dennis-Hammer-unterst\u00fctzt-Oetternbach-Kiste-300x189.jpg 300w, http:\/\/www.oetternbach.de\/wp-content\/uploads\/2017\/08\/Dennis-Hammer-unterst\u00fctzt-Oetternbach-Kiste-768x485.jpg 768w, http:\/\/www.oetternbach.de\/wp-content\/uploads\/2017\/08\/Dennis-Hammer-unterst\u00fctzt-Oetternbach-Kiste-624x394.jpg 624w\" sizes=\"(max-width: 625px) 100vw, 625px\" \/><\/a><\/p>\n<div id=\"attachment_2024\" style=\"width: 635px\" class=\"wp-caption alignnone\"><a href=\"http:\/\/www.oetternbach.de\/wp-content\/uploads\/2021\/12\/Oetternbach_Kiste-von-oben.jpg\"><img aria-describedby=\"caption-attachment-2024\" loading=\"lazy\" class=\"size-large wp-image-2024\" src=\"http:\/\/www.oetternbach.de\/wp-content\/uploads\/2021\/12\/Oetternbach_Kiste-von-oben-1024x578.jpg\" alt=\"\" width=\"625\" height=\"353\" srcset=\"http:\/\/www.oetternbach.de\/wp-content\/uploads\/2021\/12\/Oetternbach_Kiste-von-oben-1024x578.jpg 1024w, http:\/\/www.oetternbach.de\/wp-content\/uploads\/2021\/12\/Oetternbach_Kiste-von-oben-300x169.jpg 300w, http:\/\/www.oetternbach.de\/wp-content\/uploads\/2021\/12\/Oetternbach_Kiste-von-oben-768x433.jpg 768w, http:\/\/www.oetternbach.de\/wp-content\/uploads\/2021\/12\/Oetternbach_Kiste-von-oben-624x352.jpg 624w\" sizes=\"(max-width: 625px) 100vw, 625px\" \/><\/a><p id=\"caption-attachment-2024\" class=\"wp-caption-text\">Oetternbach-Kiste im &#8222;St\u00fcckweise-Laden&#8220;<\/p><\/div>\n<div id=\"attachment_2023\" style=\"width: 635px\" class=\"wp-caption alignnone\"><a href=\"http:\/\/www.oetternbach.de\/wp-content\/uploads\/2021\/12\/P1250985.jpg\"><img aria-describedby=\"caption-attachment-2023\" loading=\"lazy\" class=\"size-large wp-image-2023\" src=\"http:\/\/www.oetternbach.de\/wp-content\/uploads\/2021\/12\/P1250985-1024x578.jpg\" alt=\"\" width=\"625\" height=\"353\" srcset=\"http:\/\/www.oetternbach.de\/wp-content\/uploads\/2021\/12\/P1250985-1024x578.jpg 1024w, http:\/\/www.oetternbach.de\/wp-content\/uploads\/2021\/12\/P1250985-300x169.jpg 300w, http:\/\/www.oetternbach.de\/wp-content\/uploads\/2021\/12\/P1250985-768x433.jpg 768w, http:\/\/www.oetternbach.de\/wp-content\/uploads\/2021\/12\/P1250985-624x352.jpg 624w\" sizes=\"(max-width: 625px) 100vw, 625px\" \/><\/a><p id=\"caption-attachment-2023\" class=\"wp-caption-text\">Marmeladen: Aronia und Holunder; Aronia und Ananas<\/p><\/div>\n<h3><span style=\"color: #000000;\"><strong>LBS &#8222;Vorausdenker&#8220;\u00a0<\/strong><\/span><\/h3>\n<p>Das Aktionsb\u00fcndnis hat sich bei einem Projekt der LBS eingebracht &#8222;Vorausdenker&#8220;.<span style=\"color: #000000;\"> Bis zum 3.10.2021\u00a0war Zeit, um m\u00f6glichst viele Stimmen zu sammeln. Mit dem Geld m\u00f6chten<\/span> wir eine Langzeitstudie zur Artenvielfalt im NSG Oetternbach mit der Universit\u00e4t Freiburg realisieren. Leider geh\u00f6ren wir nicht zu den 50 Projekten, die per Voting eine F\u00f6rderung erhalten. Gelandet sind wir auf Platz 71 mit 47 Stimmen. Wir hoffen wir auf eine zweite Chance: Eine Jury wird weitere Projekte f\u00fcr eine zus\u00e4tzliche F\u00f6rderung bestimmen. <a href=\"https:\/\/lbs-vorausdenker.de\/contributors\/langzeitstudie-mit-stimmrekor\">Link<\/a><\/p>\n<h3>Jerxen-Orbker Sonntagsmarkt<\/h3>\n<p><strong>Am 5.9.2021 haben wir uns endlich nach der Corona-Pandemie mal wieder getroffen und ein Fest gefeiert, den Jerxen-Orbker Sonntagsmarkt. Die LZ war vor Ort und berichtete\u00a0<a href=\"http:\/\/www.oetternbach.de\/?page_id=24\">Artikel\u00a0<\/a><\/strong><\/p>\n<p><span style=\"color: #008000;\"><strong><a href=\"http:\/\/www.oetternbach.de\/wp-content\/uploads\/2021\/08\/Tr\u00f6deln-naschen-ausprobieren-Poster.jpg\"><img loading=\"lazy\" class=\"wp-image-1947 alignleft\" src=\"http:\/\/www.oetternbach.de\/wp-content\/uploads\/2021\/08\/Tr\u00f6deln-naschen-ausprobieren-Poster.jpg\" alt=\"\" width=\"165\" height=\"234\" srcset=\"http:\/\/www.oetternbach.de\/wp-content\/uploads\/2021\/08\/Tr\u00f6deln-naschen-ausprobieren-Poster.jpg 543w, http:\/\/www.oetternbach.de\/wp-content\/uploads\/2021\/08\/Tr\u00f6deln-naschen-ausprobieren-Poster-212x300.jpg 212w\" sizes=\"(max-width: 165px) 100vw, 165px\" \/><\/a><\/strong><\/span><\/p>\n<div id=\"attachment_1954\" style=\"width: 496px\" class=\"wp-caption alignnone\"><a href=\"http:\/\/www.oetternbach.de\/wp-content\/uploads\/2021\/09\/P1850398.jpg\"><img aria-describedby=\"caption-attachment-1954\" loading=\"lazy\" class=\"wp-image-1954\" src=\"http:\/\/www.oetternbach.de\/wp-content\/uploads\/2021\/09\/P1850398-1024x576.jpg\" alt=\"\" width=\"486\" height=\"273\" srcset=\"http:\/\/www.oetternbach.de\/wp-content\/uploads\/2021\/09\/P1850398-1024x576.jpg 1024w, http:\/\/www.oetternbach.de\/wp-content\/uploads\/2021\/09\/P1850398-300x169.jpg 300w, http:\/\/www.oetternbach.de\/wp-content\/uploads\/2021\/09\/P1850398-768x432.jpg 768w, http:\/\/www.oetternbach.de\/wp-content\/uploads\/2021\/09\/P1850398-624x351.jpg 624w\" sizes=\"(max-width: 486px) 100vw, 486px\" \/><\/a><p id=\"caption-attachment-1954\" class=\"wp-caption-text\">Michael Kloppenburg stellv. Vorsitzender des Aktionsb\u00fcndnis \u00fcberreicht Bandleader Manfred Schotte f\u00fcr die Band &#8222;Jazz for Fun&#8220;, ein Dankesch\u00f6n f\u00fcr die belebende Musik.<\/p><\/div>\n<div id=\"attachment_1969\" style=\"width: 499px\" class=\"wp-caption alignnone\"><a href=\"http:\/\/www.oetternbach.de\/wp-content\/uploads\/2021\/09\/P1250329.jpg\"><img aria-describedby=\"caption-attachment-1969\" loading=\"lazy\" class=\" wp-image-1969\" src=\"http:\/\/www.oetternbach.de\/wp-content\/uploads\/2021\/09\/P1250329-1024x578.jpg\" alt=\"\" width=\"489\" height=\"276\" srcset=\"http:\/\/www.oetternbach.de\/wp-content\/uploads\/2021\/09\/P1250329-1024x578.jpg 1024w, http:\/\/www.oetternbach.de\/wp-content\/uploads\/2021\/09\/P1250329-300x169.jpg 300w, http:\/\/www.oetternbach.de\/wp-content\/uploads\/2021\/09\/P1250329-768x433.jpg 768w, http:\/\/www.oetternbach.de\/wp-content\/uploads\/2021\/09\/P1250329-624x352.jpg 624w\" sizes=\"(max-width: 489px) 100vw, 489px\" \/><\/a><p id=\"caption-attachment-1969\" class=\"wp-caption-text\">Pickert-Produktion<\/p><\/div>\n<div id=\"attachment_1970\" style=\"width: 511px\" class=\"wp-caption alignnone\"><a href=\"http:\/\/www.oetternbach.de\/wp-content\/uploads\/2021\/09\/P1250332.jpg\"><img aria-describedby=\"caption-attachment-1970\" loading=\"lazy\" class=\" wp-image-1970\" src=\"http:\/\/www.oetternbach.de\/wp-content\/uploads\/2021\/09\/P1250332-1024x578.jpg\" alt=\"\" width=\"501\" height=\"282\" srcset=\"http:\/\/www.oetternbach.de\/wp-content\/uploads\/2021\/09\/P1250332-1024x578.jpg 1024w, http:\/\/www.oetternbach.de\/wp-content\/uploads\/2021\/09\/P1250332-300x169.jpg 300w, http:\/\/www.oetternbach.de\/wp-content\/uploads\/2021\/09\/P1250332-768x433.jpg 768w, http:\/\/www.oetternbach.de\/wp-content\/uploads\/2021\/09\/P1250332-624x352.jpg 624w\" sizes=\"(max-width: 501px) 100vw, 501px\" \/><\/a><p id=\"caption-attachment-1970\" class=\"wp-caption-text\">Frau Dr. M\u00fcller Univ. Freiburg<\/p><\/div>\n<hr \/>\n<p><span style=\"color: #008000;\"><strong>T<\/strong><strong>ermine 2020<\/strong><\/span><\/p>\n<h4>25.09. 2020\u00a0Weltweiter Klimastreik &#8211; Das Aktionsb\u00fcndnis war dabei<\/h4>\n<p><strong style=\"font-size: 1rem;\">Detmold<\/strong><span style=\"font-size: 1rem;\">\u00a0<\/span><span style=\"font-size: 1rem;\">13:30, auf dem Kaiser-Wilhelm-Platz \/\/\u00a0<\/span><strong>Lemgo<\/strong> 13:15, auf dem Marktplatz<\/p>\n<p>Mehr Infos unter:\u00a0<a href=\"https:\/\/fridaysforfuturedetmold.org\/index.html#wir\">https:\/\/fridaysforfuturedetmold.org\/index.html#wir<\/a> \u00a0\/\/\u00a0<a href=\"https:\/\/www.facebook.com\/fridaysforfuturedetmold\/\">https:\/\/www.facebook.com\/fridaysforfuturedetmold\/<\/a><\/p>\n<hr \/>\n<h4>B-Wusst-Woche in Detmold 18. bis 26.09.2020 &#8211; Wir waren aktiv<\/h4>\n<p><a href=\"https:\/\/www.b-wusst.de\/programm-2020\/\"><strong>Programm <\/strong><\/a>und die von uns angebotenen Veranstaltungen:\u00a0<strong>22.09.<\/strong>2020 &#8211;\u00a0<strong>Kl\u00e4ranlage<\/strong> in Detmold, 17:00-18:00,\u00a0 Was passiert mit Mikroplastik, Abwasser, Medikamentenr\u00fcckst\u00e4nden und mehr. <strong>Helmut Kr\u00fcger\u00a0 Vorstandsvorsitzender vom\u00a0<\/strong>\u201eAktionsb\u00fcndnis:\u00a0Sch\u00fctzt Menschen und Tiere im Detmolder Westen e.V.\u201c\u00a0, durfte rund 20 interessierte Teilnehmer begr\u00fc\u00dfen.<\/p>\n<p><strong>26<\/strong>.<strong>09.<\/strong>2020 &#8211;\u00a0<strong>Fahrradtour \u2013\u00a0der Fl\u00e4chenkonkurrenz auf der Spur<\/strong>, Besuch von aktiven und inaktiven Gewerbefl\u00e4chen, danach Einkehr. 15:30 bis 17:00 Uhr, Treffpunkt Theatervorplatz.\u00a0<strong>Claudia M\u00e4rz &amp; Hubert Weismantel,<\/strong> \u201eAktionsb\u00fcndnis:<br \/>\nSch\u00fctzt Menschen und Tiere im Detmolder Westen e.V.\u201c &amp; LIPPE \u00f6koLOGISCH<\/p>\n<hr \/>\n<h4><span style=\"color: #ff0000;\"><strong><span style=\"color: #000000;\">500 Demonstranten<\/span>\u00a0<\/strong><strong style=\"color: #444444; font-size: 1rem;\">am 30.08.2020 &#8211;\u00a0<\/strong><span style=\"color: #444444; font-size: 1rem;\">Demo von\u00a0<\/span><strong style=\"color: #444444; font-size: 1rem;\">LIPPE\u00a0<span style=\"color: #99cc00;\"><span style=\"color: #339966;\">\u00f6ko<\/span><\/span>LOGISCH\u00a0<\/strong><\/span><\/h4>\n<p><strong style=\"font-size: 1rem;\">Infos dazu\u00a0<\/strong><a style=\"font-size: 1rem;\" href=\"http:\/\/www.oetternbach.de\/wp-content\/uploads\/2017\/08\/Finaler-Aufruf_LIPPEoekoLogisch-Demo-30.08.2020-.pdf\">Demo-Aufruf<\/a><strong style=\"font-size: 1rem;\"> \/\/\u00a0\u00a0<\/strong><a href=\"https:\/\/www.presseportal.de\/blaulicht\/pm\/12727\/4691414?utm_source=facebook&amp;utm_medium=social&amp;fbclid=IwAR2VvdAXWXV5B1YbAk-VIcR_obPVKeeQudJ7QmhzlFDZttQtRFGbAAzky1w\">Presseportal<\/a> &#8211; Die Polizei macht auf die Sperrung der B239 aufmerksam.\u00a0Die Gr\u00fcnen in Lippe unterst\u00fctzen die Demo und warben auf ihrer <a href=\"https:\/\/gruene-lippe.de\/termin\/demo-lippe-oekologisch-am-30-august-2020-um-1155-uhr\/\">Website<\/a><\/p>\n<p>Tolle Veranstaltung. 500 Menschen auf der Stra\u00dfe, zum Schutz des Lippischen Bodens! Landwirte mit Treckern, Seit an Seit mit B\u00fcrgerinnen und B\u00fcrgern, jung und alt. Das Signal an die Politik war klar und deutlich: &#8222;Wir machen nicht alles mit. Wir sch\u00fctzen unsere Heimat und achten auf Umwelt und Natur.&#8220; Danke an alle, die dabei waren, Danke f\u00fcr die aussagekr\u00e4ftigen und ber\u00fchrenden <strong><a href=\"https:\/\/www.youtube.com\/channel\/UCap3jWzQ_Pdoqjm5nFvi4Pg\">Reden<\/a><\/strong> und Dank an die Polizeiangestellten, die uns begleitet haben. Wenn notwendig, machen wir das wieder, weil wir geh\u00f6rt und in politische Entscheidungen einbezogen werden wollen.<\/p>\n<p><strong>\u00a0<\/strong><a href=\"http:\/\/www.oetternbach.de\/wp-content\/uploads\/2017\/08\/P1230368.jpg\"><img loading=\"lazy\" class=\"alignnone size-large wp-image-1716\" src=\"http:\/\/www.oetternbach.de\/wp-content\/uploads\/2017\/08\/P1230368-1024x578.jpg\" alt=\"\" width=\"625\" height=\"353\" srcset=\"http:\/\/www.oetternbach.de\/wp-content\/uploads\/2017\/08\/P1230368-1024x578.jpg 1024w, http:\/\/www.oetternbach.de\/wp-content\/uploads\/2017\/08\/P1230368-300x169.jpg 300w, http:\/\/www.oetternbach.de\/wp-content\/uploads\/2017\/08\/P1230368-768x434.jpg 768w, http:\/\/www.oetternbach.de\/wp-content\/uploads\/2017\/08\/P1230368-624x352.jpg 624w\" sizes=\"(max-width: 625px) 100vw, 625px\" \/><\/a><\/p>\n<p><a href=\"http:\/\/www.oetternbach.de\/wp-content\/uploads\/2017\/08\/P1230370.jpg\"><img loading=\"lazy\" class=\"alignnone size-large wp-image-1714\" src=\"http:\/\/www.oetternbach.de\/wp-content\/uploads\/2017\/08\/P1230370-1024x578.jpg\" alt=\"\" width=\"625\" height=\"353\" srcset=\"http:\/\/www.oetternbach.de\/wp-content\/uploads\/2017\/08\/P1230370-1024x578.jpg 1024w, http:\/\/www.oetternbach.de\/wp-content\/uploads\/2017\/08\/P1230370-300x169.jpg 300w, http:\/\/www.oetternbach.de\/wp-content\/uploads\/2017\/08\/P1230370-768x433.jpg 768w, http:\/\/www.oetternbach.de\/wp-content\/uploads\/2017\/08\/P1230370-624x352.jpg 624w\" sizes=\"(max-width: 625px) 100vw, 625px\" \/><\/a><\/p>\n<h3><a href=\"http:\/\/www.oetternbach.de\/wp-content\/uploads\/2017\/08\/P1230362.jpg\"><img loading=\"lazy\" class=\"alignnone size-large wp-image-1733\" src=\"http:\/\/www.oetternbach.de\/wp-content\/uploads\/2017\/08\/P1230362-1024x550.jpg\" alt=\"\" width=\"625\" height=\"336\" srcset=\"http:\/\/www.oetternbach.de\/wp-content\/uploads\/2017\/08\/P1230362-1024x550.jpg 1024w, http:\/\/www.oetternbach.de\/wp-content\/uploads\/2017\/08\/P1230362-300x161.jpg 300w, http:\/\/www.oetternbach.de\/wp-content\/uploads\/2017\/08\/P1230362-768x413.jpg 768w, http:\/\/www.oetternbach.de\/wp-content\/uploads\/2017\/08\/P1230362-624x335.jpg 624w, http:\/\/www.oetternbach.de\/wp-content\/uploads\/2017\/08\/P1230362.jpg 2028w\" sizes=\"(max-width: 625px) 100vw, 625px\" \/><\/a><\/h3>\n<hr \/>\n<h4>Sven Giegold in Detmold\/Jerxen-Orbke<\/h4>\n<p><span style=\"color: #ff0000;\"><span style=\"color: #000000;\">Am <strong>23.08.2020<\/strong> war\u00a0<strong>Sven Giegold, Sprecher der deutschen Gr\u00fcnen im Europaparlament,\u00a0<\/strong>auf Einladung vom Aktionsb\u00fcndnis<\/span>\u00a0<\/span>in Detmold\/Jerxen-Orbke. Gemeinsam mit <strong>Robin Wagener<\/strong>, <strong>Landratskandidat<\/strong>\u00a0der Gr\u00fcnen f\u00fcr den Kreis Lippe und interessierten B\u00fcrgern spazierte er zum NSG Oetternbach. Die Politiker nahmen sich Zeit von 15:30 Uhr bis ca. 18:00 Uhr und standen am Ende der Veranstaltung Rede und Antwort bei einer Diskussion im Orbker Krug &#8211; Syrtaki. Die Veranstaltung war gut besucht. Alle waren von dem eher unbekannten Naturschutzgebiet Oetternbach beeindruckt.\u00a0<em><a href=\"http:\/\/www.oetternbach.de\/wp-content\/uploads\/2020\/08\/PM-Giegoldbesuch.pdf\">Pressemeldung<\/a><\/em>\u00a0und mehr unter <a href=\"https:\/\/www.lippe-oekologisch.de\/\">LIPPE \u00f6koLOGISCH<\/a><\/p>\n<p><a href=\"http:\/\/www.oetternbach.de\/wp-content\/uploads\/2020\/08\/Giegold_3.jpg\"><img loading=\"lazy\" class=\"alignnone size-large wp-image-1712\" src=\"http:\/\/www.oetternbach.de\/wp-content\/uploads\/2020\/08\/Giegold_3-1024x576.jpg\" alt=\"\" width=\"625\" height=\"352\" srcset=\"http:\/\/www.oetternbach.de\/wp-content\/uploads\/2020\/08\/Giegold_3-1024x576.jpg 1024w, http:\/\/www.oetternbach.de\/wp-content\/uploads\/2020\/08\/Giegold_3-300x169.jpg 300w, http:\/\/www.oetternbach.de\/wp-content\/uploads\/2020\/08\/Giegold_3-768x432.jpg 768w, http:\/\/www.oetternbach.de\/wp-content\/uploads\/2020\/08\/Giegold_3-624x351.jpg 624w, http:\/\/www.oetternbach.de\/wp-content\/uploads\/2020\/08\/Giegold_3.jpg 1149w\" sizes=\"(max-width: 625px) 100vw, 625px\" \/><\/a><\/p>\n<h4>Nachhaltigkeitsstrategie Detmold<\/h4>\n<p><span style=\"font-size: 1rem;\">Am<\/span><span style=\"display: inline !important; float: none; background-color: #ffffff; color: #444444; font-family: 'Open Sans',Helvetica,Arial,sans-serif; font-size: 14px; font-style: normal; font-variant: normal; font-weight: 400; letter-spacing: normal; line-height: 1.7142; orphans: 2; text-align: left; text-decoration: none; text-indent: 0px; text-transform: none; -webkit-text-stroke-width: 0px; white-space: normal; word-spacing: 0px;\"><strong>\u00a004.03.2020 <\/strong>waren\u00a0<\/span>Mitglieder vom Aktionsb\u00fcndnis bei der B\u00fcrgerbeteiligungsveranstaltung zur <strong>Nachhaltigkeitsstrategie<\/strong> Detmold. Initiativen stellten sich vor und hielten Impulsvortr\u00e4ge, Etwas 100 Personen fanden sich zur der Veranstaltung in Stadthalle im Foyer und im gro\u00dfen Sitzungssaal ein. Helmut Kr\u00fcger, 1. Vorsitzender vom B\u00fcndnis, hielt einen Zweiminuten-Vortrag. Die Mitglieder verteilten Flyer und f\u00fchrten viele Gespr\u00e4che. Unser Engagement f\u00fcr das NSG-Oetternbach stie\u00df auf reges Interesse.<\/p>\n<hr \/>\n<h4>LIPPE \u00f6koLOGISCH<\/h4>\n<p>Am <strong>9.01.2020<\/strong> trafen sich die Akteure von <strong>LIPPE \u00f6koLOGISCH<\/strong> im Vereinshaus Jerxen-Orbke. Besprochen wurde der gestellte Antrag auf einen autofreien Tag auf der B239. <a href=\"http:\/\/www.oetternbach.de\/?page_id=24\">Mehr<\/a> dazu. Au\u00dferdem wurden Unterst\u00fctzungsm\u00f6glichkeiten f\u00fcr die Bl\u00fchwiesenidee der Br\u00fcder Alteheld aus Wehren diskutiert. Am 11.01. besuchten Helmut Kr\u00fcger und Hubert Weismantel die beiden Landwirte auf ihrem Hof, um sich auszutauschen.<\/p>\n<hr \/>\n<h4><strong>Kommunalwahlen &#8211; &#8222;Wir wollen es wissen&#8220;<\/strong><\/h4>\n<p><a href=\"http:\/\/www.oetternbach.de\/?page_id=471\">Gespr\u00e4che<\/a>\u00a0mit allen\u00a0<span style=\"font-size: 1rem;\">politischen<\/span><span style=\"font-size: 1rem;\">\u00a0<\/span><span style=\"font-size: 1rem;\">Fraktionen <\/span><span style=\"font-size: 1rem;\">von Dezember 2019 und bis M\u00e4rz 2020 und den B\u00fcrgermeisterkandidaten der Stadt Detmold.\u00a0Den Politikern wurde gesagt: Die Bestrebungen das NSG Oetternbach zu retten werden nicht nachlassen. Die Emissionen sind <span style=\"display: inline !important; float: none; background-color: #ffffff; color: #444444; font-family: 'Open Sans',Helvetica,Arial,sans-serif; font-size: 14px; font-style: normal; font-variant: normal; font-weight: 400; letter-spacing: normal; orphans: 2; text-align: left; text-decoration: none; text-indent: 0px; text-transform: none; -webkit-text-stroke-width: 0px; white-space: normal; word-spacing: 0px;\">derzeit <\/span>schon extrem belastend, f\u00fcr Menschen und Tiere. Mehr kann die Region nicht verkraften.<\/span><\/p>\n<p><span style=\"font-size: 1rem;\">Die Gespr\u00e4chsreihe startete am 9.12.2019 mit der <strong>FDP-Fraktion<\/strong> und drei anwesenden Fraktionsmitgliedern, die reges Interesse sowie Verst\u00e4ndnis zeigten. Frank Hilker, B\u00fcrgermeisterkandidat der SPD, nahm sich Ende 2019 Zeit f\u00fcr ein Gespr\u00e4ch. Etwa zwei Stunden verbrachte man miteinander. Er versprach, sich um einen Termin mit der SPD-Fraktion zu bem\u00fchen, da die SPD sowie die CDU bis dato noch nicht auf die Anfrage des Aktionsb\u00fcndnis reagiert hatten.<\/span><\/p>\n<p>Am 13.01.2020 Gespr\u00e4ch mit der Fraktion <strong>Die Linken<\/strong>. 15 Parteimitglieder waren anwesend. In vielen Bereichen stimmten die Meinungen \u00fcberein, vor allem was den Schutz des NSG Oetternbach anging, war man sich einig. Eine tolle Resonanz auf die Anfrage einer B\u00fcrgerinitiative, stellte Helmut Kr\u00fcger als B\u00fcndnisvorsitzender fest. Die Linke nimmt die Sorgen der B\u00fcrger ernst, war das Res\u00fcmee. Siehe\u00a0<strong style=\"font-size: 1rem;\">Kommentar<\/strong><span style=\"font-size: 1rem;\">\u00a0<\/span><a style=\"font-size: 1rem;\" href=\"http:\/\/www.oetternbach.de\/wp-content\/uploads\/2017\/08\/Landhunger_Die-Linke_Jan-2020.pdf\">Landhunger<\/a><span style=\"font-size: 1rem;\">, Januar 2020, von dem Stadtverband &#8222;<\/span><strong style=\"font-size: 1rem;\">Die Linke<\/strong><span style=\"font-size: 1rem;\">&#8220; und PM vom 5.05.2020<\/span><\/p>\n<p>27.01.2020 Gespr\u00e4ch mit der <strong>Detmolder Alternativen<\/strong>. Drei Fraktionsmitglieder waren dabei. Das Gespr\u00e4ch erfolgte in konstruktiver Atmosph\u00e4re.<br \/>\n17.02.2020 um 18:00 Uhr, mit zwei Mitgliedern der<strong> SPD-Faktion<\/strong>. Etwa eine Stunde wurden die Meinungen in freundlicher Atmosph\u00e4re ausgetauscht. Wann die in Auftrag gegebenen Gutachten zur Balbrede und Peterskamp fertig sind, konnte uns nicht gesagt werden.<br \/>\n19.03.2020 um 17:00 Uhr Gespr\u00e4ch mit der <strong>CDU-Fraktion<\/strong>. B\u00fcrgermeisterkandidat J\u00f6rg Thelaner und der Arbeitskreisleiter Friedrich Sundhoff nahmen an der Besprechung, die etwa eineinhalb Stunden umfasste, teil. Das Gespr\u00e4ch war ernsthaft ehrlich und offen. Wir haben verdeutlich, dass wir keine Bebauung der Ackerfl\u00e4chen w\u00fcnschen, da dieses kontraproduktiv mit Blick auf den Klimaschutz w\u00e4re.<\/p>\n<p>********************************************************************************<\/p>\n<p><span style=\"color: #000000;\"><strong>Termine 2019<\/strong><\/span><\/p>\n<h3><strong><span style=\"color: #000000;\">Kartoffelfest in Jerxen-Orbke, die Ortsvereine waren wieder aktiv.<\/span><\/strong><\/h3>\n<div id=\"attachment_1408\" style=\"width: 635px\" class=\"wp-caption alignnone\"><a href=\"http:\/\/www.oetternbach.de\/wp-content\/uploads\/2019\/10\/Kartofelfest-LZ-8.10.2019_.jpg\"><img aria-describedby=\"caption-attachment-1408\" loading=\"lazy\" class=\"size-large wp-image-1408\" src=\"http:\/\/www.oetternbach.de\/wp-content\/uploads\/2019\/10\/Kartofelfest-LZ-8.10.2019_-1024x975.jpg\" alt=\"LZ 8.10.2019\" width=\"625\" height=\"595\" srcset=\"http:\/\/www.oetternbach.de\/wp-content\/uploads\/2019\/10\/Kartofelfest-LZ-8.10.2019_-1024x975.jpg 1024w, http:\/\/www.oetternbach.de\/wp-content\/uploads\/2019\/10\/Kartofelfest-LZ-8.10.2019_-300x286.jpg 300w, http:\/\/www.oetternbach.de\/wp-content\/uploads\/2019\/10\/Kartofelfest-LZ-8.10.2019_-768x731.jpg 768w, http:\/\/www.oetternbach.de\/wp-content\/uploads\/2019\/10\/Kartofelfest-LZ-8.10.2019_-624x594.jpg 624w, http:\/\/www.oetternbach.de\/wp-content\/uploads\/2019\/10\/Kartofelfest-LZ-8.10.2019_.jpg 1746w\" sizes=\"(max-width: 625px) 100vw, 625px\" \/><\/a><p id=\"caption-attachment-1408\" class=\"wp-caption-text\">LZ 8.10.2019<\/p><\/div>\n<h4><span style=\"color: #000000;\"><strong>B-Wusst-Woche in Detmold und Umgebung &#8211; Das Aktionsb\u00fcndnis ist dabei<\/strong><\/span><\/h4>\n<p><span style=\"color: #000000;\">Auftaktveranstaltung am 14.09. in Dalborn: Gro\u00dfes <strong>Hoffest der Solawi<\/strong> mit Livemusik.\u00a0<strong>Veranstaltungsort<\/strong>: SoLaWi-Hof, Hauptstra\u00dfe 22, Blomberg-Dalborn<\/span><\/p>\n<p><a href=\"http:\/\/oetternbach.de\/wp-content\/uploads\/2019\/09\/solawi-hoffest_14sep19.pdf\">Infos: Was ist dort geboten? solawi hoffest_14sep19<\/a><\/p>\n<div id=\"attachment_1373\" style=\"width: 471px\" class=\"wp-caption alignnone\"><a href=\"http:\/\/oetternbach.de\/wp-content\/uploads\/2019\/09\/hoffest-18-40-300x2001.jpg\"><img aria-describedby=\"caption-attachment-1373\" loading=\"lazy\" class=\" wp-image-1373\" src=\"http:\/\/oetternbach.de\/wp-content\/uploads\/2019\/09\/hoffest-18-40-300x2001.jpg\" alt=\"\" width=\"461\" height=\"307\" \/><\/a><p id=\"caption-attachment-1373\" class=\"wp-caption-text\">Solawi-Hoffest 2018<\/p><\/div>\n<h4><span style=\"color: #000000;\"><strong>Bodenaktionswoche in Lippe &#8211; Das Aktionsb\u00fcndnis ist dabei \u00a0<\/strong><\/span><\/h4>\n<p><span style=\"color: #000000;\">Die Natur- und Umweltschutz-Akademie des Landes Nordrhein-Westfalen (NUA NRW) veranstaltet zusammen mit \u201eLippe im Wandel e.V.\u201c als Hauptveranstalter eine Bodenaktionswoche im Kreis Lippe, mit Angeboten zu den Themen \u201eBodenbewusstsein, Bodenschutz, Fl\u00e4chenkonkurrenz\u201c.<\/span><\/p>\n<p><span style=\"color: #000000;\">Das Aktionsb\u00fcndnis ist am 2.06.2019 mit einem Informationsstand auf dem Familienumweltfest vertreten, im Freilichtmuseum als Auftaktveranstaltung der Bodenaktionswoche er\u00f6ffnet von NRW Umweltministerin Ursula Heinen- Esser. Am <strong>5.06.<\/strong> Kurzvortrag und Diskussionsveranstaltung in der Stadthalle Detmold. Am <strong>6.06.<\/strong> Exkursion an dem geplanten Gewerbegebiet &#8222;Balbrede&#8220; mit Hans Dudler als Insektenexperte vom NABU.<\/span><\/p>\n<div id=\"attachment_1321\" style=\"width: 635px\" class=\"wp-caption alignnone\"><a href=\"http:\/\/oetternbach.de\/wp-content\/uploads\/2019\/06\/P1710177.jpg\"><img aria-describedby=\"caption-attachment-1321\" loading=\"lazy\" class=\"size-large wp-image-1321\" src=\"http:\/\/oetternbach.de\/wp-content\/uploads\/2019\/06\/P1710177-1024x768.jpg\" alt=\"\" width=\"625\" height=\"469\" srcset=\"http:\/\/www.oetternbach.de\/wp-content\/uploads\/2019\/06\/P1710177-1024x768.jpg 1024w, http:\/\/www.oetternbach.de\/wp-content\/uploads\/2019\/06\/P1710177-300x225.jpg 300w, http:\/\/www.oetternbach.de\/wp-content\/uploads\/2019\/06\/P1710177-768x576.jpg 768w, http:\/\/www.oetternbach.de\/wp-content\/uploads\/2019\/06\/P1710177-624x468.jpg 624w\" sizes=\"(max-width: 625px) 100vw, 625px\" \/><\/a><p id=\"caption-attachment-1321\" class=\"wp-caption-text\">li. Eva Pier von der NUA, re. Ministerin Heinen-Esser<\/p><\/div>\n<p><a href=\"http:\/\/oetternbach.de\/wp-content\/uploads\/2019\/06\/PROGRAMM_Bodenaktionswoche_2019.pdf\">PROGRAMM_Bodenaktionswoche_2019<\/a><\/p>\n<h4><span style=\"color: #000000;\"><strong>13.05.2019 Gespr\u00e4ch mit dem Petitionsausschuss vom Landtag NRW in Detmold<\/strong><\/span><\/h4>\n<p><span style=\"color: #000000;\">Der Petitionsausschuss war in Detmold. Eine B\u00fcrgerabordnung hat ihre Anliegen zum geplanten Gewerbegebiet an der Langeschen Stra\u00dfe und zum Neubau der B239n vorgetragen. Das Grundgesetzes legt in Artikel 17 fest, dass &#8222;jedermann&#8220; das Recht zur Beschwerde hat,\u00a0wenn sich die Person oder eine Gruppe durch eine Verwaltungsentscheidung benachteiligt f\u00fchlt. Das Aktionsb\u00fcndnis und das &#8222;B\u00fcndnis pro Mensch &amp; Natur: Kein Neubau der B-239 in Lippe&#8220; haben jeweils eine Eingabe eingereicht. Das pers\u00f6nliche Gespr\u00e4ch mit Frau Ellen Stock (MdL NRW), vom Petitionsausschuss war f\u00fcr alle Seiten sehr aufschlussreich. Frau Stock versicherte, dass der Ausschuss sich mit beiden Themen intensiv besch\u00e4ftigen wird (mehr siehe &#8222;Pressemeldungen&#8220;).<\/span><\/p>\n<p><strong>Der\u00a0Petitionsausschuss\u00a0<\/strong><\/p>\n<p>Den\u00a0Petitionsausschuss des Landtages NRW gibt es seit 40 Jahren. Im geh\u00f6ren 21 Abgeordnete an. Zweimal j\u00e4hrlich legt er einen Bericht \u00fcber seine Arbeit vor.\u00a0Seit dem <span style=\"background-color: transparent; color: #444444; display: inline; float: none; font-family: &amp;quot; open sans&amp;quot;,helvetica,arial,sans-serif; font-size: 14px; font-style: normal; font-variant: normal; font-weight: 400; letter-spacing: normal; line-height: 23.99px; orphans: 2; text-align: left; text-decoration: none; text-indent: 0px; text-transform: none; -webkit-text-stroke-width: 0px; white-space: normal; word-spacing: 0px;\">1. Juni 2017 ist der Abgeordnete Andr\u00e9 Kuper (CDU) <\/span>Pr\u00e4sident des Landtags NRW und bildet damit die repr\u00e4sentative Spitze des nordrhein-westf\u00e4lischen Parlaments. Er hat drei Stellvertreter:<\/p>\n<ol>\n<li>Vizepr\u00e4sidentin: Carina G\u00f6decke (SPD<\/li>\n<li>Vizepr\u00e4sidentin: Angela Freimuth (FDP)<\/li>\n<li>Vizepr\u00e4sident: Oliver Keymis (Gr\u00fcne)<\/li>\n<\/ol>\n<p><strong>Eingaben<\/strong><\/p>\n<p>F\u00fcr die Formulierung einer Petition gibt es keine b\u00fcrokratischen Vorgaben. Die B\u00fcrgerinnen und B\u00fcrger sollen ihr Anliegen so vortragen k\u00f6nnen, wie sie es sehen und wie es ihre Ausdrucksm\u00f6glichkeiten erlauben. Die Eingaben m\u00fcssen schriftlich an den Petitionsausschuss des Landtags erfolgen. Name und Adresse, Unterschrift des jeweiligen Einsender\/-innen. Bei Sammeleingaben sind Adresse und Unterschrift einer Person, die die Interessen der Gruppe (B\u00fcrgerinitiative oder Verein) vertritt ausreichend.<\/p>\n<p><strong>Rechtliche Grundlagen<\/strong><\/p>\n<ul>\n<li>\u00a7 17 Grundgesetz:\u00a0Jedermann hat das Recht, sich einzeln oder in Gemeinschaft mit anderen schriftlich mit Bitten oder Beschwerden an die zust\u00e4ndigen Stellen und an die Volksvertretung zu wenden.<\/li>\n<li>\u00a74 Abs.1 Landesverfassung:\u00a0Die im Grundgesetz f\u00fcr die Bundesrepublik Deutschland in der Fassung vom 23. Mai 1949 festgelegten Grundrechte und staatsb\u00fcrgerlichen Rechte sind Bestandteil dieser Verfassung und unmittelbar geltendes Landesrecht.<\/li>\n<li>\u00a7 41a Landesverfassung: Hier ist geregelt wie und in welchen F\u00e4llen der Petitionsausschuss Zutritt, Auskunft, Einsicht in Unterlagen zur Kl\u00e4rung der Sachlage erhalten muss. Mehr:\u00a0<a href=\"https:\/\/www.landtag.nrw.de\/home\/petitionen\/informationen-petitionsarbeit.html\">https:\/\/www.landtag.nrw.de\/home\/petitionen\/informationen-petitionsarbeit.html<\/a><\/li>\n<\/ul>\n<p><span style=\"display: inline !important; float: none; background-color: transparent; color: #444444; font-family: 'Open Sans',Helvetica,Arial,sans-serif; font-size: 14px; font-style: normal; font-variant: normal; font-weight: 400; letter-spacing: normal; line-height: 23.99px; orphans: 2; text-align: left; text-decoration: none; text-indent: 0px; text-transform: none; -webkit-text-stroke-width: 0px; white-space: normal; word-spacing: 0px;\">Der <span style=\"color: #000000;\"><strong>n\u00e4chste Sitzungstermin<\/strong><\/span> an dem Petitionsausschuss tagt ist der <span style=\"color: #000000;\"><strong>21.05.2019<\/strong><\/span>. Wir hoffen, dass unsere Eingabe dann bereits thematisiert wird<\/span><\/p>\n<h4><span style=\"color: #000000;\"><strong>FridaysForFuture (FFF) &#8211; Eine Jugendbewegung f\u00fcr den Klimaschutz seit 2018<\/strong><\/span><\/h4>\n<p><span style=\"color: #333333;\"><span style=\"color: #000000;\">Auch in OWL ist die Bewegung FFF angekommen. 500 Kinder und Jugendlichen demonstrierten in Bielefeld am 18.01.2018. <\/span><\/span><span style=\"color: #000000;\">K\u00fcnftig wollen sie sich <strong>jeden 1. Freitag im Monat<\/strong> f\u00fcr den Klimaschutz einsetzen und demonstrieren. Informationen siehe unter: Klimawandel\/FFF<\/span><\/p>\n<div id=\"attachment_932\" style=\"width: 635px\" class=\"wp-caption alignnone\"><a href=\"http:\/\/oetternbach.de\/wp-content\/uploads\/2019\/01\/LZ-19_20.01.2019-Friday-for-Future.jpg\"><img aria-describedby=\"caption-attachment-932\" loading=\"lazy\" class=\"size-large wp-image-932\" src=\"http:\/\/oetternbach.de\/wp-content\/uploads\/2019\/01\/LZ-19_20.01.2019-Friday-for-Future-1024x531.jpg\" alt=\"\" width=\"625\" height=\"324\" srcset=\"http:\/\/www.oetternbach.de\/wp-content\/uploads\/2019\/01\/LZ-19_20.01.2019-Friday-for-Future-1024x531.jpg 1024w, http:\/\/www.oetternbach.de\/wp-content\/uploads\/2019\/01\/LZ-19_20.01.2019-Friday-for-Future-300x155.jpg 300w, http:\/\/www.oetternbach.de\/wp-content\/uploads\/2019\/01\/LZ-19_20.01.2019-Friday-for-Future-768x398.jpg 768w, http:\/\/www.oetternbach.de\/wp-content\/uploads\/2019\/01\/LZ-19_20.01.2019-Friday-for-Future-624x323.jpg 624w\" sizes=\"(max-width: 625px) 100vw, 625px\" \/><\/a><p id=\"caption-attachment-932\" class=\"wp-caption-text\">LZ 19.\/20.2019, Seite 1<\/p><\/div>\n<p>********************************************************************************<\/p>\n<p><span style=\"color: #000000;\"><strong>2018<\/strong><\/span><\/p>\n<h3 style=\"text-align: left;\"><span style=\"color: #333333;\"><span style=\"color: #808080;\">30.09.2018: <\/span><strong>LIPPE <span style=\"color: #228a19;\">\u00f6ko<\/span>LOGISCH<\/strong><\/span><\/h3>\n<h5 style=\"text-align: left;\"><span style=\"color: #000000;\"><strong>Erfolgreiche Veranstaltung vom <\/strong><strong>Aktionsb\u00fcndnis, BUND, Lippe im Wandel,\u00a0NABU (s. Presse)<\/strong><\/span><\/h5>\n<div id=\"attachment_736\" style=\"width: 635px\" class=\"wp-caption alignnone\"><a href=\"http:\/\/oetternbach.de\/wp-content\/uploads\/2018\/09\/Fotoformat_Flyer-30.09.2018.jpg\"><img aria-describedby=\"caption-attachment-736\" loading=\"lazy\" class=\"size-large wp-image-736\" src=\"http:\/\/oetternbach.de\/wp-content\/uploads\/2018\/09\/Fotoformat_Flyer-30.09.2018-1024x729.jpg\" alt=\"\" width=\"625\" height=\"445\" srcset=\"http:\/\/www.oetternbach.de\/wp-content\/uploads\/2018\/09\/Fotoformat_Flyer-30.09.2018-1024x729.jpg 1024w, http:\/\/www.oetternbach.de\/wp-content\/uploads\/2018\/09\/Fotoformat_Flyer-30.09.2018-300x213.jpg 300w, http:\/\/www.oetternbach.de\/wp-content\/uploads\/2018\/09\/Fotoformat_Flyer-30.09.2018-768x547.jpg 768w, http:\/\/www.oetternbach.de\/wp-content\/uploads\/2018\/09\/Fotoformat_Flyer-30.09.2018-624x444.jpg 624w\" sizes=\"(max-width: 625px) 100vw, 625px\" \/><\/a><p id=\"caption-attachment-736\" class=\"wp-caption-text\">Programm: LIPPE \u00f6koLOGISCH<\/p><\/div>\n<p style=\"text-align: center;\"><span style=\"color: #000000;\">Am Ernte-Dank-Fest den <strong>30. September 2018 <\/strong>von 12.00 Uhr bis ca. 17:00 Uhr in der <strong>Oetternbachschule,<\/strong> Lagesche Stra\u00dfe 191, Detmold, Jerxen-Orbke<\/span><\/p>\n<p><span style=\"color: #000000;\">Jerxen-Orbke: Zwei Veranstaltungen im Juli 2018<\/span><\/p>\n<h4><span style=\"color: #000000;\">Exkursion: Heimische Flora und Fauna &#8211; Naturschutzgebiet Oetternbach<\/span><\/h4>\n<p><span style=\"color: #000000;\"><strong>13.07.2018 Treffen am Eselstein um 17:00 Uhr <\/strong><\/span><\/p>\n<p><span style=\"color: #000000;\">Interessierte treffen sich zu einer kleinen Exkursion durch die Oetternbachauen. Es gibt viel zu entdecken: seltene Pflanzen, Vogelarten, Amphibien und Insekten. <strong>Hans-Dieter Wiesemann<\/strong> ein Experte f\u00fcr die biologische Vielfalt\u00a0der Region und <strong>Bernd Milde<\/strong> (NABU)\u00a0werden Auskunft geben.\u00a0Organisation: Klaus L\u00f6mker (Ortsb\u00fcrgermeister Jerxen-Orbke)<\/span><\/p>\n<p>********************************************************************************<\/p>\n<h4><span style=\"color: #000000;\">Wanderung entlang des Naturschutzgebietes Oetternbach &#8211; &#8222;Lippe im Wandel&#8220; zu Gast<\/span><\/h4>\n<p><span style=\"color: #000000;\"><strong>17.07.2018 Treffen am Jerxer Friedhof (Parkplatz) um 19:30 Uhr <\/strong><\/span><\/p>\n<p><span style=\"color: #000000;\">Die Mitglieder der Initiative &#8222;Lippe im Wandel&#8220; interessiert das Naturschutzgebiet Oetternbach und die anvisierte Verbesserung der Wasserqualit\u00e4t durch den Bau eines Retentionsbecken. <strong>Helmut Kr\u00fcger<\/strong> (Vorsitzender vom Aktionsb\u00fcndnis) nimmt die G\u00e4ste in Empfang und gibt Auskunft, gemeinsam mit <strong>Hans-Dieter Wiesemann<\/strong>. Neuigkeiten zum Aktionsb\u00fcndnis und zu den Gewerbegebietspl\u00e4nen werden auch Thema sein. Weitere Interessierte sind willkommen.<\/span><\/p>\n<p><span style=\"color: #000000;\">&#8222;Lippe im Wandel&#8220; ist eine B\u00fcrgerinitiative die Verst\u00e4ndnis f\u00fcr alternative Lebensweisen wecken will. Die Leitziele sind: Lokal, Gemeinsam, Nachhaltig. Im Fokus stehen der verantwortungsvolle Umgang mit Rohstoffen und klimafreundliche Projekte (Gartenbauprojekte, Reparaturcaf\u00e9). Der Verein\u00a0 \u201eLippe im Wandel\u201c ist seit April 2018 Mitglied im &#8222;KlimaPakt LIppe&#8220;. Vorsitzende: Gabriela Endele<\/span><\/p>\n<p><span style=\"color: #000000;\">Informationen zum Verein:<\/span> <a href=\"https:\/\/lippeimwandel.de\">https:\/\/lippeimwandel.de<\/a><\/p>\n<p><strong>*********************************************************************************<\/strong><\/p>\n<h4><span style=\"color: #000000;\"><strong>BUND: Artenschutz in Lippe &#8211; Was kann\u00a0jeder von uns tun?<\/strong><\/span><\/h4>\n<p><span style=\"color: #000000;\"><strong>5. Juni 19:30 Uhr <\/strong>Diskussion\/Information im kleinem Sitzungssaal der Stadthalle Detmold<\/span><\/p>\n<p><span style=\"color: #000000;\"><strong> Matthias F\u00fcller<\/strong>, Leiter der Biostation Lippe e.V. stellt die aktuelle Situation des Artenschwunds in Lippe vor und Auswirkungen von Planverfahren, z.B. zur Bundesstra\u00dfe B 239n. Dem Spruch &#8222;Man kann eh nichts tun&#8220; soll der Abend mit Diskussionen und Ideen entgegenwirken. Jeder ist herzlich eingeladen. Der Eintritt ist kostenfrei und eine kleine \u00dcberraschung gibt es auch.<\/span><\/p>\n<p><span style=\"color: #000000;\">Einladung: <\/span><a href=\"http:\/\/oetternbach.de\/wp-content\/uploads\/2018\/05\/5.Juni_Artenschutz_in_Lippe.pdf\">5.Juni_Artenschutz_in_Lippe<\/a><\/p>\n<p><span style=\"color: #000000;\"><strong>22.04.2018<\/strong> Wanderung vom Lipp. Heimatbund am Rothenberg mit Informationen zur Flora und Fauna von Stefan Schmidt. Treffpunkt 9:00 Uhr an Hedderhagener Stra\u00dfe<\/span><\/p>\n<div id=\"attachment_614\" style=\"width: 282px\" class=\"wp-caption alignnone\"><a href=\"http:\/\/oetternbach.de\/wp-content\/uploads\/2018\/04\/Flora-u-Fauna_-Wandern-am-Rothenberg-LZ_17-04-2018_1.jpg\"><img aria-describedby=\"caption-attachment-614\" loading=\"lazy\" class=\"size-large wp-image-614\" src=\"http:\/\/oetternbach.de\/wp-content\/uploads\/2018\/04\/Flora-u-Fauna_-Wandern-am-Rothenberg-LZ_17-04-2018_1-272x1024.jpg\" alt=\"\" width=\"272\" height=\"1024\" srcset=\"http:\/\/www.oetternbach.de\/wp-content\/uploads\/2018\/04\/Flora-u-Fauna_-Wandern-am-Rothenberg-LZ_17-04-2018_1-272x1024.jpg 272w, http:\/\/www.oetternbach.de\/wp-content\/uploads\/2018\/04\/Flora-u-Fauna_-Wandern-am-Rothenberg-LZ_17-04-2018_1-80x300.jpg 80w, http:\/\/www.oetternbach.de\/wp-content\/uploads\/2018\/04\/Flora-u-Fauna_-Wandern-am-Rothenberg-LZ_17-04-2018_1.jpg 584w\" sizes=\"(max-width: 272px) 100vw, 272px\" \/><\/a><p id=\"caption-attachment-614\" class=\"wp-caption-text\">LZ 17.04.2018<\/p><\/div>\n<p><span style=\"color: #000000;\">1.<strong>&#8222;Lippische Artenschutzkonferenz&#8220;\u00a0<\/strong> am <strong>12. und 13. Januar 2018<\/strong> im Kreishaus. Programm mit Infost\u00e4nden, Vortr\u00e4gen und Filmen von Robin J\u00e4hne. Freitag den 12.01. ab 17:00 Uhr.\u00a0F\u00fcr Samstag den 13.01. ab 8:15 Uhr anmelden unter: p.tappe@kreis-lippe.de Programm unter: <\/span><a href=\"https:\/\/www.zukunftskonzept-lippe.de\/wp-content\/uploads\/2017\/12\/Programm-Artenschutzkonferenz-2018.pdf\">www.zukunftskonzept-lippe.de<\/a><\/p>\n<p><span style=\"color: #000000;\">45% der untersuchten Arten in NRW sind gef\u00e4hrdet, vom Aussterben bedroht oder bereits ausgestorben (Rote Liste). &#8222;Artenschutz ist eine gesamtgesellschaftliche Aufgabe&#8220; sagt Landrat Dr. Axel Lehmann in dem LZ Artikel &#8222;Lipper wollen Luchi und andere bedrohte Tierarten retten&#8220; (s. Button &#8222;Presse allgemein&#8220;)<\/span><\/p>\n<h4><span style=\"color: #000000;\">Viele Aktionsmitglieder waren vor Ort und brachten sich ein.\u00a0Insgesamt waren ca. 500 Teilnehmer\u00a0dabei. Eine toller Erfolg, der zeigt, das das Thema die Menschen in Lippe interessiert.<\/span><\/h4>\n","protected":false},"excerpt":{"rendered":"<p>Was ist los bei uns, was ist los in Detmold und Umgebung 1. Jerxen-Orbker Weihnachtsmarkt Weihnachtsmarkt am 20.\/21.12.2024 an der Oetternbachschule (Lagesche Stra\u00dfe 191) mit Pickert, Bratwurst, Gl\u00fchwein und selbstgemachten Geschenken. Freitag den 20.12. ab 17:00 Uhr, Samstag ab 15:00 Uhr (Kaffeetrinken im Vereinshaus). Drau\u00dfen Marktst\u00e4nde in Holzh\u00fctten. Handzettel herunterladen: Weihnachstmarkt 2024 &#8211; A4 8. [&hellip;]<\/p>\n","protected":false},"author":1,"featured_media":0,"parent":0,"menu_order":0,"comment_status":"closed","ping_status":"closed","template":"","meta":[],"_links":{"self":[{"href":"http:\/\/www.oetternbach.de\/index.php?rest_route=\/wp\/v2\/pages\/471"}],"collection":[{"href":"http:\/\/www.oetternbach.de\/index.php?rest_route=\/wp\/v2\/pages"}],"about":[{"href":"http:\/\/www.oetternbach.de\/index.php?rest_route=\/wp\/v2\/types\/page"}],"author":[{"embeddable":true,"href":"http:\/\/www.oetternbach.de\/index.php?rest_route=\/wp\/v2\/users\/1"}],"replies":[{"embeddable":true,"href":"http:\/\/www.oetternbach.de\/index.php?rest_route=%2Fwp%2Fv2%2Fcomments&post=471"}],"version-history":[{"count":70,"href":"http:\/\/www.oetternbach.de\/index.php?rest_route=\/wp\/v2\/pages\/471\/revisions"}],"predecessor-version":[{"id":2381,"href":"http:\/\/www.oetternbach.de\/index.php?rest_route=\/wp\/v2\/pages\/471\/revisions\/2381"}],"wp:attachment":[{"href":"http:\/\/www.oetternbach.de\/index.php?rest_route=%2Fwp%2Fv2%2Fmedia&parent=471"}],"curies":[{"name":"wp","href":"https:\/\/api.w.org\/{rel}","templated":true}]}}